{"id":120220,"date":"2023-06-21T15:16:08","date_gmt":"2023-06-21T13:16:08","guid":{"rendered":"https:\/\/renexia.it\/comunicati-stampa\/"},"modified":"2025-04-03T00:24:06","modified_gmt":"2025-04-02T22:24:06","slug":"comunicati-stampa","status":"publish","type":"page","link":"https:\/\/renexia.it\/fr\/comunicati-stampa\/","title":{"rendered":"Communiqu\u00e9s de presse"},"content":{"rendered":"<div class=\"wpb-content-wrapper\"><p>[vc_row unlock_row_content=\u00a0\u00bbyes\u00a0\u00bb row_height_percent=\u00a0\u00bb0&Prime; override_padding=\u00a0\u00bbyes\u00a0\u00bb h_padding=\u00a0\u00bb2&Prime; top_padding=\u00a0\u00bb2&Prime; bottom_padding=\u00a0\u00bb0&Prime; overlay_alpha=\u00a0\u00bb50&Prime; gutter_size=\u00a0\u00bb3&Prime; column_width_percent=\u00a0\u00bb100&Prime; shift_y=\u00a0\u00bb0&Prime; z_index=\u00a0\u00bb0&Prime; mobile_visibility=\u00a0\u00bbyes\u00a0\u00bb uncode_shortcode_id=\u00a0\u00bb735447&Prime;][vc_column column_width_percent=\u00a0\u00bb100&Prime; position_horizontal=\u00a0\u00bbleft\u00a0\u00bb gutter_size=\u00a0\u00bb2&Prime; font_family=\u00a0\u00bbfont-136032&Prime; overlay_alpha=\u00a0\u00bb50&Prime; shift_x=\u00a0\u00bb0&Prime; shift_y=\u00a0\u00bb0&Prime; shift_y_down=\u00a0\u00bb0&Prime; z_index=\u00a0\u00bb0&Prime; medium_width=\u00a0\u00bb0&Prime; mobile_width=\u00a0\u00bb0&Prime; width=\u00a0\u00bb1\/1&Prime; uncode_shortcode_id=\u00a0\u00bb174762&Prime;][uncode_breadcrumbs text_lead=\u00a0\u00bbsmall\u00a0\u00bb medium_visibility=\u00a0\u00bbyes\u00a0\u00bb mobile_visibility=\u00a0\u00bbyes\u00a0\u00bb][\/vc_column][\/vc_row][vc_row row_height_percent=\u00a0\u00bb0&Prime; override_padding=\u00a0\u00bbyes\u00a0\u00bb h_padding=\u00a0\u00bb2&Prime; top_padding=\u00a0\u00bb5&Prime; bottom_padding=\u00a0\u00bb5&Prime; overlay_alpha=\u00a0\u00bb50&Prime; gutter_size=\u00a0\u00bb3&Prime; column_width_percent=\u00a0\u00bb100&Prime; shift_y=\u00a0\u00bb0&Prime; z_index=\u00a0\u00bb0&Prime; uncode_shortcode_id=\u00a0\u00bb605033&Prime; el_class=\u00a0\u00bbcomunicatistampa\u00a0\u00bb][vc_column column_width_percent=\u00a0\u00bb100&Prime; gutter_size=\u00a0\u00bb3&Prime; font_family=\u00a0\u00bbfont-136032&Prime; overlay_alpha=\u00a0\u00bb50&Prime; shift_x=\u00a0\u00bb0&Prime; shift_y=\u00a0\u00bb0&Prime; shift_y_down=\u00a0\u00bb0&Prime; z_index=\u00a0\u00bb0&Prime; medium_width=\u00a0\u00bb0&Prime; mobile_width=\u00a0\u00bb0&Prime; width=\u00a0\u00bb1\/1&Prime; uncode_shortcode_id=\u00a0\u00bb198405&Prime;][vc_row_inner row_inner_height_percent=\u00a0\u00bb0&Prime; overlay_alpha=\u00a0\u00bb50&Prime; gutter_size=\u00a0\u00bb3&Prime; border_style=\u00a0\u00bbsolid\u00a0\u00bb shift_y=\u00a0\u00bb0&Prime; z_index=\u00a0\u00bb0&Prime; uncode_shortcode_id=\u00a0\u00bb112274&Prime; css=\u00a0\u00bb.vc_custom_1726495894317{border-bottom-width: 0.2px !important;padding-bottom: 30px !important;}\u00a0\u00bb border_color_type=\u00a0\u00bbuncode-solid\u00a0\u00bb border_color_solid=\u00a0\u00bb#e8e8e8&Prime;][vc_column_inner width=\u00a0\u00bb1\/6&Prime;][vc_column_text text_lead=\u00a0\u00bbsmall\u00a0\u00bb uncode_shortcode_id=\u00a0\u00bb169849&Prime;]<strong>Octobre 12, 2024<\/strong>[\/vc_column_text][\/vc_column_inner][vc_column_inner width=\u00a0\u00bb2\/3&Prime;][vc_column_text uncode_shortcode_id=\u00a0\u00bb162965&Prime;]<a href=\"https:\/\/renexia.it\/wp-content\/uploads\/2025\/04\/CS_Renexia_MySE_FEED_Med_Wind_080924_FRA.pdf\" target=\"_blank\" rel=\"noopener\">Signature d&rsquo;un FEED entre Renexia et Ming Yang pour un parc \u00e9olien flottant de 2,8 GW au large de la Sicile, apr\u00e8s une rencontre avec le ministre Urso<\/a>[\/vc_column_text][\/vc_column_inner][vc_column_inner width=\u00a0\u00bb1\/6&Prime;][vc_icon position=\u00a0\u00bbbottom\u00a0\u00bb icon=\u00a0\u00bbfa fa-file-pdf-o\u00a0\u00bb uncode_shortcode_id=\u00a0\u00bb112813&Prime; icon_color_type=\u00a0\u00bbuncode-solid\u00a0\u00bb icon_color_solid=\u00a0\u00bb#ff0000&Prime; link=\u00a0\u00bburl:https%3A%2F%2Frenexia.it%2Fwp-content%2Fuploads%2F2025%2F04%2FCS_Renexia_MySE_FEED_Med_Wind_080924_FRA.pdf|target:_blank|rel:nofollow\u00a0\u00bb][\/vc_icon][\/vc_column_inner][\/vc_row_inner][vc_row_inner row_inner_height_percent=\u00a0\u00bb0&Prime; overlay_alpha=\u00a0\u00bb50&Prime; gutter_size=\u00a0\u00bb3&Prime; border_style=\u00a0\u00bbsolid\u00a0\u00bb shift_y=\u00a0\u00bb0&Prime; z_index=\u00a0\u00bb0&Prime; uncode_shortcode_id=\u00a0\u00bb112274&Prime; css=\u00a0\u00bb.vc_custom_1726495894317{border-bottom-width: 0.2px !important;padding-bottom: 30px !important;}\u00a0\u00bb border_color_type=\u00a0\u00bbuncode-solid\u00a0\u00bb border_color_solid=\u00a0\u00bb#e8e8e8&Prime;][vc_column_inner width=\u00a0\u00bb1\/6&Prime;][vc_column_text text_lead=\u00a0\u00bbsmall\u00a0\u00bb uncode_shortcode_id=\u00a0\u00bb152417&Prime;]<strong>Septembre 12, 2024<\/strong>[\/vc_column_text][\/vc_column_inner][vc_column_inner width=\u00a0\u00bb2\/3&Prime;][vc_column_text uncode_shortcode_id=\u00a0\u00bb119175&Prime;]<a href=\"https:\/\/renexia.it\/wp-content\/uploads\/2024\/09\/20240912_Renexia_Aker_ITA.pdf\">Renexia choisit Aker Solutions pour le projet de sous-station de Med Wind<\/a>[\/vc_column_text][\/vc_column_inner][vc_column_inner width=\u00a0\u00bb1\/6&Prime;][vc_icon position=\u00a0\u00bbbottom\u00a0\u00bb icon=\u00a0\u00bbfa fa-file-pdf-o\u00a0\u00bb uncode_shortcode_id=\u00a0\u00bb105169&Prime; icon_color_type=\u00a0\u00bbuncode-solid\u00a0\u00bb icon_color_solid=\u00a0\u00bb#ff0000&Prime; link=\u00a0\u00bburl:https%3A%2F%2Frenexia.it%2Fwp-content%2Fuploads%2F2024%2F09%2F20240912_Renexia_Aker_ITA.pdf|target:_blank|rel:nofollow|\u00a0\u00bb][\/vc_icon][\/vc_column_inner][\/vc_row_inner][vc_row_inner row_inner_height_percent=\u00a0\u00bb0&Prime; overlay_alpha=\u00a0\u00bb50&Prime; gutter_size=\u00a0\u00bb3&Prime; border_style=\u00a0\u00bbsolid\u00a0\u00bb shift_y=\u00a0\u00bb0&Prime; z_index=\u00a0\u00bb0&Prime; uncode_shortcode_id=\u00a0\u00bb112274&Prime; css=\u00a0\u00bb.vc_custom_1726495894317{border-bottom-width: 0.2px !important;padding-bottom: 30px !important;}\u00a0\u00bb border_color_type=\u00a0\u00bbuncode-solid\u00a0\u00bb border_color_solid=\u00a0\u00bb#e8e8e8&Prime;][vc_column_inner width=\u00a0\u00bb1\/6&Prime;][vc_column_text text_lead=\u00a0\u00bbsmall\u00a0\u00bb uncode_shortcode_id=\u00a0\u00bb160061&Prime;]<strong>Septembre 06, 2024<\/strong>[\/vc_column_text][\/vc_column_inner][vc_column_inner width=\u00a0\u00bb2\/3&Prime;][vc_column_text uncode_shortcode_id=\u00a0\u00bb467727&Prime;]<a href=\"https:\/\/renexia.it\/wp-content\/uploads\/2024\/09\/20240906_US_Wind_Autorizzazione-BOEM.pdf\">La Maison Blanche autorise US Wind (Renexia, Toto Group) \u00e0 construire un parc \u00e9olien offshore de 1,7 GW dans le Maryland<\/a>[\/vc_column_text][\/vc_column_inner][vc_column_inner width=\u00a0\u00bb1\/6&Prime;][vc_icon position=\u00a0\u00bbbottom\u00a0\u00bb icon=\u00a0\u00bbfa fa-file-pdf-o\u00a0\u00bb uncode_shortcode_id=\u00a0\u00bb376318&Prime; icon_color_type=\u00a0\u00bbuncode-solid\u00a0\u00bb icon_color_solid=\u00a0\u00bb#ff0000&Prime; link=\u00a0\u00bburl:https%3A%2F%2Frenexia.it%2Fwp-content%2Fuploads%2F2024%2F09%2F20240906_US_Wind_Autorizzazione-BOEM.pdf|target:_blank|rel:nofollow|\u00a0\u00bb][\/vc_icon][\/vc_column_inner][\/vc_row_inner][vc_row_inner row_inner_height_percent=\u00a0\u00bb0&Prime; overlay_alpha=\u00a0\u00bb50&Prime; gutter_size=\u00a0\u00bb3&Prime; border_style=\u00a0\u00bbsolid\u00a0\u00bb shift_y=\u00a0\u00bb0&Prime; z_index=\u00a0\u00bb0&Prime; uncode_shortcode_id=\u00a0\u00bb112274&Prime; css=\u00a0\u00bb.vc_custom_1726495894317{border-bottom-width: 0.2px !important;padding-bottom: 30px !important;}\u00a0\u00bb border_color_type=\u00a0\u00bbuncode-solid\u00a0\u00bb border_color_solid=\u00a0\u00bb#e8e8e8&Prime;][vc_column_inner width=\u00a0\u00bb1\/6&Prime;][vc_column_text text_lead=\u00a0\u00bbsmall\u00a0\u00bb uncode_shortcode_id=\u00a0\u00bb520450&Prime;]<strong>Ao\u00fbt 08, 2024<\/strong>[\/vc_column_text][\/vc_column_inner][vc_column_inner width=\u00a0\u00bb2\/3&Prime;][vc_column_text uncode_shortcode_id=\u00a0\u00bb120832&Prime;]<a href=\"https:\/\/renexia.it\/wp-content\/uploads\/2024\/09\/20240808_Renexia_MOU_Mingyang_MIMIT_offshore_wind_ITA.pdf\">Renexia signe un protocole d&rsquo;accord avec le ministre Urso et MingYang pour lancer une cha\u00eene industrielle de l&rsquo;\u00e9nergie \u00e9olienne<\/a>[\/vc_column_text][\/vc_column_inner][vc_column_inner width=\u00a0\u00bb1\/6&Prime;][vc_icon position=\u00a0\u00bbbottom\u00a0\u00bb icon=\u00a0\u00bbfa fa-file-pdf-o\u00a0\u00bb uncode_shortcode_id=\u00a0\u00bb205475&Prime; icon_color_type=\u00a0\u00bbuncode-solid\u00a0\u00bb icon_color_solid=\u00a0\u00bb#ff0000&Prime; link=\u00a0\u00bburl:https%3A%2F%2Frenexia.it%2Fwp-content%2Fuploads%2F2024%2F09%2F20240808_Renexia_MOU_Mingyang_MIMIT_offshore_wind_ITA.pdf|target:_blank|rel:nofollow|\u00a0\u00bb][\/vc_icon][\/vc_column_inner][\/vc_row_inner][vc_row_inner row_inner_height_percent=\u00a0\u00bb0&Prime; overlay_alpha=\u00a0\u00bb50&Prime; gutter_size=\u00a0\u00bb3&Prime; border_style=\u00a0\u00bbsolid\u00a0\u00bb shift_y=\u00a0\u00bb0&Prime; z_index=\u00a0\u00bb0&Prime; uncode_shortcode_id=\u00a0\u00bb140386&Prime; css=\u00a0\u00bb.vc_custom_1687357798196{border-bottom-width: 0.2px !important;padding-bottom: 30px !important;}\u00a0\u00bb border_color_type=\u00a0\u00bbuncode-solid\u00a0\u00bb border_color_solid=\u00a0\u00bb#e8e8e8&Prime;][vc_column_inner width=\u00a0\u00bb1\/6&Prime;][vc_column_text text_lead=\u00a0\u00bbsmall\u00a0\u00bb uncode_shortcode_id=\u00a0\u00bb265390&Prime;]<strong>11 Avril, 2023<\/strong>[\/vc_column_text][\/vc_column_inner][vc_column_inner width=\u00a0\u00bb2\/3&Prime;][vc_column_text uncode_shortcode_id=\u00a0\u00bb104902&Prime;]<a href=\"https:\/\/renexia.it\/wp-content\/uploads\/2023\/06\/230411_Renexia_Campagna_Med-Wind.pdf\" target=\"_blank\" rel=\"noopener\">Renexia conclut la campagne oc\u00e9anographique pour Med Wind. La recherche montre que le parc \u00e9olien offshore flottant est respectueux de l&rsquo;environnement <\/a>[\/vc_column_text][\/vc_column_inner][vc_column_inner width=\u00a0\u00bb1\/6&Prime;][vc_icon position=\u00a0\u00bbbottom\u00a0\u00bb icon=\u00a0\u00bbfa fa-file-pdf-o\u00a0\u00bb uncode_shortcode_id=\u00a0\u00bb125486&Prime; icon_color_type=\u00a0\u00bbuncode-solid\u00a0\u00bb icon_color_solid=\u00a0\u00bb#ff0000&Prime; link=\u00a0\u00bburl:https%3A%2F%2Frenexia.it%2Fwp-content%2Fuploads%2F2023%2F06%2F230411_Renexia_Campagna_Med-Wind.pdf|target:_blank|rel:nofollow|\u00a0\u00bb][\/vc_icon][\/vc_column_inner][\/vc_row_inner][vc_row_inner row_inner_height_percent=\u00a0\u00bb0&Prime; overlay_alpha=\u00a0\u00bb50&Prime; gutter_size=\u00a0\u00bb3&Prime; border_style=\u00a0\u00bbsolid\u00a0\u00bb shift_y=\u00a0\u00bb0&Prime; z_index=\u00a0\u00bb0&Prime; uncode_shortcode_id=\u00a0\u00bb482344&Prime; css=\u00a0\u00bb.vc_custom_1687358334549{border-bottom-width: 1px !important;padding-bottom: 30px !important;}\u00a0\u00bb border_color_type=\u00a0\u00bbuncode-solid\u00a0\u00bb border_color_solid=\u00a0\u00bb#e8e8e8&Prime;][vc_column_inner width=\u00a0\u00bb1\/6&Prime;][vc_column_text text_lead=\u00a0\u00bbsmall\u00a0\u00bb uncode_shortcode_id=\u00a0\u00bb204025&Prime;]<strong>28 F\u00e9vrier, 2023<\/strong>[\/vc_column_text][\/vc_column_inner][vc_column_inner width=\u00a0\u00bb2\/3&Prime;][vc_column_text uncode_shortcode_id=\u00a0\u00bb144214&Prime;]<a href=\"https:\/\/renexia.it\/wp-content\/uploads\/2023\/06\/230228_Renexia_Recharge_Tiburtina_Sud.pdf\" target=\"_blank\" rel=\"noopener\">Renexia ouvre la premi\u00e8re station de recharge ultra-rapide pour voitures \u00e9lectriques \u00e0 Rome<\/a>[\/vc_column_text][\/vc_column_inner][vc_column_inner width=\u00a0\u00bb1\/6&Prime;][vc_icon icon=\u00a0\u00bbfa fa-file-pdf-o\u00a0\u00bb uncode_shortcode_id=\u00a0\u00bb575173&Prime; icon_color_type=\u00a0\u00bbuncode-solid\u00a0\u00bb icon_color_solid=\u00a0\u00bb#ff0000&Prime; link=\u00a0\u00bburl:https%3A%2F%2Frenexia.it%2Fwp-content%2Fuploads%2F2023%2F06%2F230228_Renexia_Recharge_Tiburtina_Sud.pdf|target:_blank|rel:nofollow|\u00a0\u00bb][\/vc_icon][\/vc_column_inner][\/vc_row_inner][vc_row_inner row_inner_height_percent=\u00a0\u00bb0&Prime; overlay_alpha=\u00a0\u00bb50&Prime; gutter_size=\u00a0\u00bb3&Prime; border_style=\u00a0\u00bbsolid\u00a0\u00bb shift_y=\u00a0\u00bb0&Prime; z_index=\u00a0\u00bb0&Prime; uncode_shortcode_id=\u00a0\u00bb158130&Prime; css=\u00a0\u00bb.vc_custom_1687358136347{border-bottom-width: 0.5px !important;padding-bottom: 30px !important;}\u00a0\u00bb border_color_type=\u00a0\u00bbuncode-solid\u00a0\u00bb border_color_solid=\u00a0\u00bb#e8e8e8&Prime;][vc_column_inner width=\u00a0\u00bb1\/6&Prime;][vc_column_text text_lead=\u00a0\u00bbsmall\u00a0\u00bb uncode_shortcode_id=\u00a0\u00bb890840&Prime;]<strong>24 Novembre, 2022<\/strong>[\/vc_column_text][\/vc_column_inner][vc_column_inner width=\u00a0\u00bb2\/3&Prime;][vc_column_text uncode_shortcode_id=\u00a0\u00bb186906&Prime;]<a href=\"https:\/\/renexia.it\/wp-content\/uploads\/2023\/06\/221124_Accordo_quadro_OO_SS_Med_Wind.pdf\" target=\"_blank\" rel=\"noopener\">Renexia signe un accord-cadre avec Cgil, Cisl, Uil et Ugl en Sicile<\/a>[\/vc_column_text][\/vc_column_inner][vc_column_inner width=\u00a0\u00bb1\/6&Prime;][vc_icon icon=\u00a0\u00bbfa fa-file-pdf-o\u00a0\u00bb uncode_shortcode_id=\u00a0\u00bb329802&Prime; icon_color_type=\u00a0\u00bbuncode-solid\u00a0\u00bb icon_color_solid=\u00a0\u00bb#ff0000&Prime; link=\u00a0\u00bburl:https%3A%2F%2Frenexia.it%2Fwp-content%2Fuploads%2F2023%2F06%2F221124_Accordo_quadro_OO_SS_Med_Wind.pdf|target:_blank|rel:nofollow|\u00a0\u00bb][\/vc_icon][\/vc_column_inner][\/vc_row_inner][vc_row_inner row_inner_height_percent=\u00a0\u00bb0&Prime; overlay_alpha=\u00a0\u00bb50&Prime; gutter_size=\u00a0\u00bb3&Prime; border_style=\u00a0\u00bbsolid\u00a0\u00bb shift_y=\u00a0\u00bb0&Prime; z_index=\u00a0\u00bb0&Prime; uncode_shortcode_id=\u00a0\u00bb183078&Prime; css=\u00a0\u00bb.vc_custom_1687358156583{border-bottom-width: 0.5px !important;padding-bottom: 30px !important;}\u00a0\u00bb border_color_type=\u00a0\u00bbuncode-solid\u00a0\u00bb border_color_solid=\u00a0\u00bb#e8e8e8&Prime;][vc_column_inner width=\u00a0\u00bb1\/6&Prime;][vc_column_text text_lead=\u00a0\u00bbsmall\u00a0\u00bb uncode_shortcode_id=\u00a0\u00bb583577&Prime;]<strong>9 Octobre, 2022<\/strong>[\/vc_column_text][\/vc_column_inner][vc_column_inner width=\u00a0\u00bb2\/3&Prime;][vc_column_text uncode_shortcode_id=\u00a0\u00bb647888&Prime;]<a href=\"https:\/\/renexia.it\/wp-content\/uploads\/2023\/06\/221009_Renexia-_Premio_Falanto.pdf\" target=\"_blank\" rel=\"noopener\">Renexia re\u00e7oit le Falanto Award lors de la troisi\u00e8me \u00e9dition des Taranto Port Days pour la construction de Beleolico, le premier parc \u00e9olien en M\u00e9diterran\u00e9e<\/a>[\/vc_column_text][\/vc_column_inner][vc_column_inner width=\u00a0\u00bb1\/6&Prime;][vc_icon icon=\u00a0\u00bbfa fa-file-pdf-o\u00a0\u00bb uncode_shortcode_id=\u00a0\u00bb246671&Prime; icon_color_type=\u00a0\u00bbuncode-solid\u00a0\u00bb icon_color_solid=\u00a0\u00bb#ff0000&Prime; link=\u00a0\u00bburl:https%3A%2F%2Frenexia.it%2Fwp-content%2Fuploads%2F2023%2F06%2F221009_Renexia-_Premio_Falanto.pdf|target:_blank|rel:nofollow|\u00a0\u00bb][\/vc_icon][\/vc_column_inner][\/vc_row_inner][vc_row_inner row_inner_height_percent=\u00a0\u00bb0&Prime; overlay_alpha=\u00a0\u00bb50&Prime; gutter_size=\u00a0\u00bb3&Prime; border_style=\u00a0\u00bbsolid\u00a0\u00bb shift_y=\u00a0\u00bb0&Prime; z_index=\u00a0\u00bb0&Prime; uncode_shortcode_id=\u00a0\u00bb175884&Prime; css=\u00a0\u00bb.vc_custom_1687358183940{border-bottom-width: 0.5px !important;padding-bottom: 30px !important;}\u00a0\u00bb border_color_type=\u00a0\u00bbuncode-solid\u00a0\u00bb border_color_solid=\u00a0\u00bb#e8e8e8&Prime;][vc_column_inner width=\u00a0\u00bb1\/6&Prime;][vc_column_text text_lead=\u00a0\u00bbsmall\u00a0\u00bb uncode_shortcode_id=\u00a0\u00bb150348&Prime;]<strong>7 Octobre, 2022<\/strong>[\/vc_column_text][\/vc_column_inner][vc_column_inner width=\u00a0\u00bb2\/3&Prime;][vc_column_text uncode_shortcode_id=\u00a0\u00bb160231&Prime;]<a href=\"https:\/\/renexia.it\/wp-content\/uploads\/2023\/06\/221007_Marsala_Renexia_Protocollo_intesa.pdf\" target=\"_blank\" rel=\"noopener\">La municipalit\u00e9 de Marsala et Renexia signent un protocole d&rsquo;accord pour un programme visant l&rsquo;efficacit\u00e9 \u00e9nerg\u00e9tique et la d\u00e9carbonisation<\/a>[\/vc_column_text][\/vc_column_inner][vc_column_inner width=\u00a0\u00bb1\/6&Prime;][vc_icon icon=\u00a0\u00bbfa fa-file-pdf-o\u00a0\u00bb uncode_shortcode_id=\u00a0\u00bb100139&Prime; icon_color_type=\u00a0\u00bbuncode-solid\u00a0\u00bb icon_color_solid=\u00a0\u00bb#ff0000&Prime; link=\u00a0\u00bburl:https%3A%2F%2Frenexia.it%2Fwp-content%2Fuploads%2F2023%2F06%2F221007_Marsala_Renexia_Protocollo_intesa.pdf|target:_blank|rel:nofollow|\u00a0\u00bb][\/vc_icon][\/vc_column_inner][\/vc_row_inner][vc_row_inner row_inner_height_percent=\u00a0\u00bb0&Prime; overlay_alpha=\u00a0\u00bb50&Prime; gutter_size=\u00a0\u00bb3&Prime; border_style=\u00a0\u00bbsolid\u00a0\u00bb shift_y=\u00a0\u00bb0&Prime; z_index=\u00a0\u00bb0&Prime; uncode_shortcode_id=\u00a0\u00bb134025&Prime; css=\u00a0\u00bb.vc_custom_1687358192829{border-bottom-width: 0.5px !important;padding-bottom: 30px !important;}\u00a0\u00bb border_color_type=\u00a0\u00bbuncode-solid\u00a0\u00bb border_color_solid=\u00a0\u00bb#e8e8e8&Prime;][vc_column_inner width=\u00a0\u00bb1\/6&Prime;][vc_column_text text_lead=\u00a0\u00bbsmall\u00a0\u00bb uncode_shortcode_id=\u00a0\u00bb103220&Prime;]<strong>18 Juillet, 2022<\/strong>[\/vc_column_text][\/vc_column_inner][vc_column_inner width=\u00a0\u00bb2\/3&Prime;][vc_column_text uncode_shortcode_id=\u00a0\u00bb166626&Prime;]<a href=\"https:\/\/renexia.it\/wp-content\/uploads\/2023\/06\/220718_Accordo_Renexia_JDC.pdf\" target=\"_blank\" rel=\"noopener\">Renexia et Jonian Dolphin Conservation s&rsquo;associent pour la protection des c\u00e9tac\u00e9s<\/a>[\/vc_column_text][\/vc_column_inner][vc_column_inner width=\u00a0\u00bb1\/6&Prime;][vc_icon icon=\u00a0\u00bbfa fa-file-pdf-o\u00a0\u00bb uncode_shortcode_id=\u00a0\u00bb135639&Prime; icon_color_type=\u00a0\u00bbuncode-solid\u00a0\u00bb icon_color_solid=\u00a0\u00bb#ff0000&Prime; link=\u00a0\u00bburl:https%3A%2F%2Frenexia.it%2Fwp-content%2Fuploads%2F2023%2F06%2F220718_Accordo_Renexia_JDC.pdf|target:_blank|rel:nofollow|\u00a0\u00bb][\/vc_icon][\/vc_column_inner][\/vc_row_inner][vc_row_inner row_inner_height_percent=\u00a0\u00bb0&Prime; overlay_alpha=\u00a0\u00bb50&Prime; gutter_size=\u00a0\u00bb3&Prime; border_style=\u00a0\u00bbsolid\u00a0\u00bb shift_y=\u00a0\u00bb0&Prime; z_index=\u00a0\u00bb0&Prime; uncode_shortcode_id=\u00a0\u00bb114810&Prime; css=\u00a0\u00bb.vc_custom_1687358201535{border-bottom-width: 0.5px !important;padding-bottom: 30px !important;}\u00a0\u00bb border_color_type=\u00a0\u00bbuncode-solid\u00a0\u00bb border_color_solid=\u00a0\u00bb#e8e8e8&Prime;][vc_column_inner width=\u00a0\u00bb1\/6&Prime;][vc_column_text text_lead=\u00a0\u00bbsmall\u00a0\u00bb uncode_shortcode_id=\u00a0\u00bb563597&Prime;]<strong>21 Avril, 2022<\/strong>[\/vc_column_text][\/vc_column_inner][vc_column_inner width=\u00a0\u00bb2\/3&Prime;][vc_column_text uncode_shortcode_id=\u00a0\u00bb159685&Prime;]<a href=\"https:\/\/renexia.it\/wp-content\/uploads\/2023\/06\/220421_Renexia_inaugurazione_Beleolico.pdf\" target=\"_blank\" rel=\"noopener\">Inauguration aujourd&rsquo;hui \u00e0 Tarente de Beleolico, le premier parc \u00e9olien marin de la M\u00e9diterran\u00e9e<\/a>[\/vc_column_text][\/vc_column_inner][vc_column_inner width=\u00a0\u00bb1\/6&Prime;][vc_icon icon=\u00a0\u00bbfa fa-file-pdf-o\u00a0\u00bb uncode_shortcode_id=\u00a0\u00bb122959&Prime; icon_color_type=\u00a0\u00bbuncode-solid\u00a0\u00bb icon_color_solid=\u00a0\u00bb#ff0000&Prime; link=\u00a0\u00bburl:https%3A%2F%2Frenexia.it%2Fwp-content%2Fuploads%2F2023%2F06%2F220421_Renexia_inaugurazione_Beleolico.pdf|target:_blank|rel:nofollow|\u00a0\u00bb][\/vc_icon][\/vc_column_inner][\/vc_row_inner][vc_row_inner row_inner_height_percent=\u00a0\u00bb0&Prime; overlay_alpha=\u00a0\u00bb50&Prime; gutter_size=\u00a0\u00bb3&Prime; border_style=\u00a0\u00bbsolid\u00a0\u00bb shift_y=\u00a0\u00bb0&Prime; z_index=\u00a0\u00bb0&Prime; uncode_shortcode_id=\u00a0\u00bb752969&Prime; css=\u00a0\u00bb.vc_custom_1687358209417{border-bottom-width: 0.5px !important;padding-bottom: 30px !important;}\u00a0\u00bb border_color_type=\u00a0\u00bbuncode-solid\u00a0\u00bb border_color_solid=\u00a0\u00bb#e8e8e8&Prime;][vc_column_inner width=\u00a0\u00bb1\/6&Prime;][vc_column_text text_lead=\u00a0\u00bbsmall\u00a0\u00bb uncode_shortcode_id=\u00a0\u00bb338855&Prime;]<strong>1er Avril, 2022<\/strong>[\/vc_column_text][\/vc_column_inner][vc_column_inner width=\u00a0\u00bb2\/3&Prime;][vc_column_text uncode_shortcode_id=\u00a0\u00bb120937&Prime;]<a href=\"https:\/\/renexia.it\/wp-content\/uploads\/2023\/06\/220401_Renexia__Flidar.pdf\" target=\"_blank\" rel=\"noopener\">Renexia lance avec Calypso la surveillance des courants et des vents dans le d\u00e9troit de Sicile, dans la zone maritime identifi\u00e9e pour le projet Med Wind.<\/a>[\/vc_column_text][\/vc_column_inner][vc_column_inner width=\u00a0\u00bb1\/6&Prime;][vc_icon icon=\u00a0\u00bbfa fa-file-pdf-o\u00a0\u00bb uncode_shortcode_id=\u00a0\u00bb640583&Prime; icon_color_type=\u00a0\u00bbuncode-solid\u00a0\u00bb icon_color_solid=\u00a0\u00bb#ff0000&Prime; link=\u00a0\u00bburl:https%3A%2F%2Frenexia.it%2Fwp-content%2Fuploads%2F2023%2F06%2F220401_Renexia__Flidar.pdf|target:_blank|rel:nofollow|\u00a0\u00bb][\/vc_icon][\/vc_column_inner][\/vc_row_inner][vc_row_inner row_inner_height_percent=\u00a0\u00bb0&Prime; overlay_alpha=\u00a0\u00bb50&Prime; gutter_size=\u00a0\u00bb3&Prime; border_style=\u00a0\u00bbsolid\u00a0\u00bb shift_y=\u00a0\u00bb0&Prime; z_index=\u00a0\u00bb0&Prime; uncode_shortcode_id=\u00a0\u00bb194069&Prime; css=\u00a0\u00bb.vc_custom_1687358218479{border-bottom-width: 0.5px !important;padding-bottom: 30px !important;}\u00a0\u00bb border_color_type=\u00a0\u00bbuncode-solid\u00a0\u00bb border_color_solid=\u00a0\u00bb#e8e8e8&Prime;][vc_column_inner width=\u00a0\u00bb1\/6&Prime;][vc_column_text text_lead=\u00a0\u00bbsmall\u00a0\u00bb uncode_shortcode_id=\u00a0\u00bb163604&Prime;]<strong>7 F\u00e9vrier, 2022<\/strong>[\/vc_column_text][\/vc_column_inner][vc_column_inner width=\u00a0\u00bb2\/3&Prime;][vc_column_text uncode_shortcode_id=\u00a0\u00bb527355&Prime;]<a href=\"https:\/\/renexia.it\/wp-content\/uploads\/2023\/06\/220207_Beleolico_prima_turbina.pdf\" target=\"_blank\" rel=\"noopener\">Renexia installe la premi\u00e8re turbine du premier parc \u00e9olien marin en M\u00e9diterran\u00e9e<\/a>[\/vc_column_text][\/vc_column_inner][vc_column_inner width=\u00a0\u00bb1\/6&Prime;][vc_icon icon=\u00a0\u00bbfa fa-file-pdf-o\u00a0\u00bb uncode_shortcode_id=\u00a0\u00bb540714&Prime; icon_color_type=\u00a0\u00bbuncode-solid\u00a0\u00bb icon_color_solid=\u00a0\u00bb#ff0000&Prime; link=\u00a0\u00bburl:https%3A%2F%2Frenexia.it%2Fwp-content%2Fuploads%2F2023%2F06%2F220207_Beleolico_prima_turbina.pdf|target:_blank|rel:nofollow|\u00a0\u00bb][\/vc_icon][\/vc_column_inner][\/vc_row_inner][vc_row_inner row_inner_height_percent=\u00a0\u00bb0&Prime; overlay_alpha=\u00a0\u00bb50&Prime; gutter_size=\u00a0\u00bb3&Prime; border_style=\u00a0\u00bbsolid\u00a0\u00bb shift_y=\u00a0\u00bb0&Prime; z_index=\u00a0\u00bb0&Prime; uncode_shortcode_id=\u00a0\u00bb533881&Prime; css=\u00a0\u00bb.vc_custom_1687358227074{border-bottom-width: 0.5px !important;padding-bottom: 30px !important;}\u00a0\u00bb border_color_type=\u00a0\u00bbuncode-solid\u00a0\u00bb border_color_solid=\u00a0\u00bb#e8e8e8&Prime;][vc_column_inner width=\u00a0\u00bb1\/6&Prime;][vc_column_text text_lead=\u00a0\u00bbsmall\u00a0\u00bb uncode_shortcode_id=\u00a0\u00bb136679&Prime;]<strong>31 Janvier, 2022<\/strong>[\/vc_column_text][\/vc_column_inner][vc_column_inner width=\u00a0\u00bb2\/3&Prime;][vc_column_text uncode_shortcode_id=\u00a0\u00bb169172&Prime;]<a href=\"https:\/\/renexia.it\/wp-content\/uploads\/2023\/06\/220131_Beleolico_ultima_fase.pdf\" target=\"_blank\" rel=\"noopener\">Renexia entre dans la phase finale de la construction de Beleolico, le premier parc \u00e9olien offshore de la M\u00e9diterran\u00e9e<\/a>[\/vc_column_text][\/vc_column_inner][vc_column_inner width=\u00a0\u00bb1\/6&Prime;][vc_icon icon=\u00a0\u00bbfa fa-file-pdf-o\u00a0\u00bb uncode_shortcode_id=\u00a0\u00bb189440&Prime; icon_color_type=\u00a0\u00bbuncode-solid\u00a0\u00bb icon_color_solid=\u00a0\u00bb#ff0000&Prime; link=\u00a0\u00bburl:https%3A%2F%2Frenexia.it%2Fwp-content%2Fuploads%2F2023%2F06%2F220131_Beleolico_ultima_fase.pdf|target:_blank|rel:nofollow|\u00a0\u00bb][\/vc_icon][\/vc_column_inner][\/vc_row_inner][vc_row_inner row_inner_height_percent=\u00a0\u00bb0&Prime; overlay_alpha=\u00a0\u00bb50&Prime; gutter_size=\u00a0\u00bb3&Prime; border_style=\u00a0\u00bbsolid\u00a0\u00bb shift_y=\u00a0\u00bb0&Prime; z_index=\u00a0\u00bb0&Prime; uncode_shortcode_id=\u00a0\u00bb208374&Prime; css=\u00a0\u00bb.vc_custom_1687358236113{border-bottom-width: 0.5px !important;padding-bottom: 30px !important;}\u00a0\u00bb border_color_type=\u00a0\u00bbuncode-solid\u00a0\u00bb border_color_solid=\u00a0\u00bb#e8e8e8&Prime;][vc_column_inner width=\u00a0\u00bb1\/6&Prime;][vc_column_text text_lead=\u00a0\u00bbsmall\u00a0\u00bb uncode_shortcode_id=\u00a0\u00bb155934&Prime;]<strong>1er D\u00e9cembre, 2021<\/strong>[\/vc_column_text][\/vc_column_inner][vc_column_inner width=\u00a0\u00bb2\/3&Prime;][vc_column_text uncode_shortcode_id=\u00a0\u00bb150344&Prime;]<a href=\"https:\/\/renexia.it\/wp-content\/uploads\/2023\/06\/211201_Renexia_seconda_campagna_Med-Wind.pdf\" target=\"_blank\" rel=\"noopener\">Renexia, la campagne oc\u00e9anographique pour Med Wind se poursuit<\/a>[\/vc_column_text][\/vc_column_inner][vc_column_inner width=\u00a0\u00bb1\/6&Prime;][vc_icon icon=\u00a0\u00bbfa fa-file-pdf-o\u00a0\u00bb uncode_shortcode_id=\u00a0\u00bb156763&Prime; icon_color_type=\u00a0\u00bbuncode-solid\u00a0\u00bb icon_color_solid=\u00a0\u00bb#ff0000&Prime; link=\u00a0\u00bburl:https%3A%2F%2Frenexia.it%2Fwp-content%2Fuploads%2F2023%2F06%2F211201_Renexia_seconda_campagna_Med-Wind.pdf|target:_blank|rel:nofollow|\u00a0\u00bb][\/vc_icon][\/vc_column_inner][\/vc_row_inner][vc_row_inner row_inner_height_percent=\u00a0\u00bb0&Prime; overlay_alpha=\u00a0\u00bb50&Prime; gutter_size=\u00a0\u00bb3&Prime; border_style=\u00a0\u00bbsolid\u00a0\u00bb shift_y=\u00a0\u00bb0&Prime; z_index=\u00a0\u00bb0&Prime; uncode_shortcode_id=\u00a0\u00bb160537&Prime; css=\u00a0\u00bb.vc_custom_1687358246896{border-bottom-width: 0.5px !important;padding-bottom: 30px !important;}\u00a0\u00bb border_color_type=\u00a0\u00bbuncode-solid\u00a0\u00bb border_color_solid=\u00a0\u00bb#e8e8e8&Prime;][vc_column_inner width=\u00a0\u00bb1\/6&Prime;][vc_column_text text_lead=\u00a0\u00bbsmall\u00a0\u00bb uncode_shortcode_id=\u00a0\u00bb334570&Prime;]<strong>3 Novembre, 2021<\/strong>[\/vc_column_text][\/vc_column_inner][vc_column_inner width=\u00a0\u00bb2\/3&Prime;][vc_column_text uncode_shortcode_id=\u00a0\u00bb205748&Prime;]<a href=\"https:\/\/renexia.it\/wp-content\/uploads\/2023\/06\/211103_Renexia_prima_campagna_Med_Wind.pdf\" target=\"_blank\" rel=\"noopener\">Renexia ach\u00e8ve la premi\u00e8re phase des relev\u00e9s oc\u00e9anographiques dans la partie de la mer M\u00e9diterran\u00e9e o\u00f9 sera construit le parc \u00e9olien offshore Med Wind<\/a>[\/vc_column_text][\/vc_column_inner][vc_column_inner width=\u00a0\u00bb1\/6&Prime;][vc_icon icon=\u00a0\u00bbfa fa-file-pdf-o\u00a0\u00bb uncode_shortcode_id=\u00a0\u00bb167802&Prime; icon_color_type=\u00a0\u00bbuncode-solid\u00a0\u00bb icon_color_solid=\u00a0\u00bb#ff0000&Prime; link=\u00a0\u00bburl:https%3A%2F%2Frenexia.it%2Fwp-content%2Fuploads%2F2023%2F06%2F211103_Renexia_prima_campagna_Med_Wind.pdf|target:_blank|rel:nofollow|\u00a0\u00bb][\/vc_icon][\/vc_column_inner][\/vc_row_inner][\/vc_column][\/vc_row]<\/p>\n<\/div>","protected":false},"excerpt":{"rendered":"<p>[vc_row unlock_row_content=\u00a0\u00bbyes\u00a0\u00bb row_height_percent=\u00a0\u00bb0&Prime; override_padding=\u00a0\u00bbyes\u00a0\u00bb h_padding=\u00a0\u00bb2&Prime; top_padding=\u00a0\u00bb2&Prime; bottom_padding=\u00a0\u00bb0&Prime; overlay_alpha=\u00a0\u00bb50&Prime; gutter_size=\u00a0\u00bb3&Prime; column_width_percent=\u00a0\u00bb100&Prime; shift_y=\u00a0\u00bb0&Prime; z_index=\u00a0\u00bb0&Prime; mobile_visibility=\u00a0\u00bbyes\u00a0\u00bb uncode_shortcode_id=\u00a0\u00bb735447&Prime;][vc_column column_width_percent=\u00a0\u00bb100&Prime; position_horizontal=\u00a0\u00bbleft\u00a0\u00bb gutter_size=\u00a0\u00bb2&Prime; font_family=\u00a0\u00bbfont-136032&Prime; overlay_alpha=\u00a0\u00bb50&Prime; shift_x=\u00a0\u00bb0&Prime; [&hellip;]<\/p>\n","protected":false},"author":1,"featured_media":0,"parent":0,"menu_order":0,"comment_status":"closed","ping_status":"closed","template":"","meta":{"_acf_changed":false,"footnotes":""},"class_list":["post-120220","page","type-page","status-publish","hentry"],"yoast_head":"<!-- This site is optimized with the Yoast SEO plugin v27.2 - https:\/\/yoast.com\/product\/yoast-seo-wordpress\/ -->\n<title>Communiqu\u00e9s de presse - Renexia<\/title>\n<meta name=\"description\" content=\"Communiqu\u00e9s de presse\" \/>\n<meta name=\"robots\" content=\"index, follow, max-snippet:-1, max-image-preview:large, max-video-preview:-1\" \/>\n<link rel=\"canonical\" href=\"https:\/\/renexia.it\/fr\/comunicati-stampa\/\" \/>\n<meta property=\"og:locale\" content=\"fr_FR\" \/>\n<meta property=\"og:type\" content=\"article\" \/>\n<meta property=\"og:title\" content=\"Communiqu\u00e9s de presse - Renexia\" \/>\n<meta property=\"og:description\" content=\"Communiqu\u00e9s de presse\" \/>\n<meta property=\"og:url\" content=\"https:\/\/renexia.it\/fr\/comunicati-stampa\/\" \/>\n<meta property=\"og:site_name\" content=\"Renexia\" \/>\n<meta property=\"article:modified_time\" content=\"2025-04-02T22:24:06+00:00\" \/>\n<meta name=\"twitter:card\" content=\"summary_large_image\" \/>\n<meta name=\"twitter:label1\" content=\"Dur\u00e9e de lecture estim\u00e9e\" \/>\n\t<meta name=\"twitter:data1\" content=\"5 minutes\" \/>\n<script type=\"application\/ld+json\" class=\"yoast-schema-graph\">{\"@context\":\"https:\/\/schema.org\",\"@graph\":[{\"@type\":\"WebPage\",\"@id\":\"https:\/\/renexia.it\/fr\/comunicati-stampa\/\",\"url\":\"https:\/\/renexia.it\/fr\/comunicati-stampa\/\",\"name\":\"Communiqu\u00e9s de presse - Renexia\",\"isPartOf\":{\"@id\":\"https:\/\/renexia.it\/#website\"},\"datePublished\":\"2023-06-21T13:16:08+00:00\",\"dateModified\":\"2025-04-02T22:24:06+00:00\",\"description\":\"Communiqu\u00e9s de presse\",\"breadcrumb\":{\"@id\":\"https:\/\/renexia.it\/fr\/comunicati-stampa\/#breadcrumb\"},\"inLanguage\":\"fr-FR\",\"potentialAction\":[{\"@type\":\"ReadAction\",\"target\":[\"https:\/\/renexia.it\/fr\/comunicati-stampa\/\"]}]},{\"@type\":\"BreadcrumbList\",\"@id\":\"https:\/\/renexia.it\/fr\/comunicati-stampa\/#breadcrumb\",\"itemListElement\":[{\"@type\":\"ListItem\",\"position\":1,\"name\":\"Home\",\"item\":\"https:\/\/renexia.it\/fr\/\"},{\"@type\":\"ListItem\",\"position\":2,\"name\":\"Communiqu\u00e9s de presse\"}]},{\"@type\":\"WebSite\",\"@id\":\"https:\/\/renexia.it\/#website\",\"url\":\"https:\/\/renexia.it\/\",\"name\":\"Renexia\",\"description\":\"\u00abFirst-mover\u00bb delle rinnovabili\",\"publisher\":{\"@id\":\"https:\/\/renexia.it\/#organization\"},\"potentialAction\":[{\"@type\":\"SearchAction\",\"target\":{\"@type\":\"EntryPoint\",\"urlTemplate\":\"https:\/\/renexia.it\/?s={search_term_string}\"},\"query-input\":{\"@type\":\"PropertyValueSpecification\",\"valueRequired\":true,\"valueName\":\"search_term_string\"}}],\"inLanguage\":\"fr-FR\"},{\"@type\":\"Organization\",\"@id\":\"https:\/\/renexia.it\/#organization\",\"name\":\"RENEXIA\",\"url\":\"https:\/\/renexia.it\/\",\"logo\":{\"@type\":\"ImageObject\",\"inLanguage\":\"fr-FR\",\"@id\":\"https:\/\/renexia.it\/#\/schema\/logo\/image\/\",\"url\":\"https:\/\/renexia.it\/wp-content\/uploads\/2022\/06\/logo-renexia.png\",\"contentUrl\":\"https:\/\/renexia.it\/wp-content\/uploads\/2022\/06\/logo-renexia.png\",\"width\":300,\"height\":85,\"caption\":\"RENEXIA\"},\"image\":{\"@id\":\"https:\/\/renexia.it\/#\/schema\/logo\/image\/\"}}]}<\/script>\n<!-- \/ Yoast SEO plugin. -->","yoast_head_json":{"title":"Communiqu\u00e9s de presse - Renexia","description":"Communiqu\u00e9s de presse","robots":{"index":"index","follow":"follow","max-snippet":"max-snippet:-1","max-image-preview":"max-image-preview:large","max-video-preview":"max-video-preview:-1"},"canonical":"https:\/\/renexia.it\/fr\/comunicati-stampa\/","og_locale":"fr_FR","og_type":"article","og_title":"Communiqu\u00e9s de presse - Renexia","og_description":"Communiqu\u00e9s de presse","og_url":"https:\/\/renexia.it\/fr\/comunicati-stampa\/","og_site_name":"Renexia","article_modified_time":"2025-04-02T22:24:06+00:00","twitter_card":"summary_large_image","twitter_misc":{"Dur\u00e9e de lecture estim\u00e9e":"5 minutes"},"schema":{"@context":"https:\/\/schema.org","@graph":[{"@type":"WebPage","@id":"https:\/\/renexia.it\/fr\/comunicati-stampa\/","url":"https:\/\/renexia.it\/fr\/comunicati-stampa\/","name":"Communiqu\u00e9s de presse - Renexia","isPartOf":{"@id":"https:\/\/renexia.it\/#website"},"datePublished":"2023-06-21T13:16:08+00:00","dateModified":"2025-04-02T22:24:06+00:00","description":"Communiqu\u00e9s de presse","breadcrumb":{"@id":"https:\/\/renexia.it\/fr\/comunicati-stampa\/#breadcrumb"},"inLanguage":"fr-FR","potentialAction":[{"@type":"ReadAction","target":["https:\/\/renexia.it\/fr\/comunicati-stampa\/"]}]},{"@type":"BreadcrumbList","@id":"https:\/\/renexia.it\/fr\/comunicati-stampa\/#breadcrumb","itemListElement":[{"@type":"ListItem","position":1,"name":"Home","item":"https:\/\/renexia.it\/fr\/"},{"@type":"ListItem","position":2,"name":"Communiqu\u00e9s de presse"}]},{"@type":"WebSite","@id":"https:\/\/renexia.it\/#website","url":"https:\/\/renexia.it\/","name":"Renexia","description":"\u00abFirst-mover\u00bb delle rinnovabili","publisher":{"@id":"https:\/\/renexia.it\/#organization"},"potentialAction":[{"@type":"SearchAction","target":{"@type":"EntryPoint","urlTemplate":"https:\/\/renexia.it\/?s={search_term_string}"},"query-input":{"@type":"PropertyValueSpecification","valueRequired":true,"valueName":"search_term_string"}}],"inLanguage":"fr-FR"},{"@type":"Organization","@id":"https:\/\/renexia.it\/#organization","name":"RENEXIA","url":"https:\/\/renexia.it\/","logo":{"@type":"ImageObject","inLanguage":"fr-FR","@id":"https:\/\/renexia.it\/#\/schema\/logo\/image\/","url":"https:\/\/renexia.it\/wp-content\/uploads\/2022\/06\/logo-renexia.png","contentUrl":"https:\/\/renexia.it\/wp-content\/uploads\/2022\/06\/logo-renexia.png","width":300,"height":85,"caption":"RENEXIA"},"image":{"@id":"https:\/\/renexia.it\/#\/schema\/logo\/image\/"}}]}},"acf":[],"_links":{"self":[{"href":"https:\/\/renexia.it\/fr\/wp-json\/wp\/v2\/pages\/120220","targetHints":{"allow":["GET"]}}],"collection":[{"href":"https:\/\/renexia.it\/fr\/wp-json\/wp\/v2\/pages"}],"about":[{"href":"https:\/\/renexia.it\/fr\/wp-json\/wp\/v2\/types\/page"}],"author":[{"embeddable":true,"href":"https:\/\/renexia.it\/fr\/wp-json\/wp\/v2\/users\/1"}],"replies":[{"embeddable":true,"href":"https:\/\/renexia.it\/fr\/wp-json\/wp\/v2\/comments?post=120220"}],"version-history":[{"count":13,"href":"https:\/\/renexia.it\/fr\/wp-json\/wp\/v2\/pages\/120220\/revisions"}],"predecessor-version":[{"id":136728,"href":"https:\/\/renexia.it\/fr\/wp-json\/wp\/v2\/pages\/120220\/revisions\/136728"}],"wp:attachment":[{"href":"https:\/\/renexia.it\/fr\/wp-json\/wp\/v2\/media?parent=120220"}],"curies":[{"name":"wp","href":"https:\/\/api.w.org\/{rel}","templated":true}]}}